{"id":4369,"date":"2023-11-16T14:51:49","date_gmt":"2023-11-16T13:51:49","guid":{"rendered":"https:\/\/spee.043test.nl\/?page_id=4369"},"modified":"2024-08-29T13:17:21","modified_gmt":"2024-08-29T12:17:21","slug":"zakelijke-mediation","status":"publish","type":"page","link":"https:\/\/spee-advocaten.nl\/de\/zakelijke-mediation\/","title":{"rendered":"ZAKELIJKE MEDIATION"},"content":{"rendered":"<div data-elementor-type=\"wp-page\" data-elementor-id=\"4369\" class=\"elementor elementor-4369\" data-elementor-post-type=\"page\">\n\t\t\t\t<div class=\"elementor-element elementor-element-b3584bb e-con-full seperator-line-overlay e-flex e-con e-parent\" data-id=\"b3584bb\" data-element_type=\"container\" data-e-type=\"container\" data-settings=\"{&quot;background_background&quot;:&quot;classic&quot;}\">\n\t\t\t\t<\/div>\n\t\t<div class=\"elementor-element elementor-element-381a183 seperator-line-overlay e-flex e-con-boxed e-con e-parent\" data-id=\"381a183\" data-element_type=\"container\" data-e-type=\"container\">\n\t\t\t\t\t<div class=\"e-con-inner\">\n\t\t<div class=\"elementor-element elementor-element-0f38823 e-con-full e-flex e-con e-child\" data-id=\"0f38823\" data-element_type=\"container\" data-e-type=\"container\">\n\t\t\t\t<div class=\"elementor-element elementor-element-ce1bedf elementor-widget elementor-widget-image\" data-id=\"ce1bedf\" data-element_type=\"widget\" data-e-type=\"widget\" data-widget_type=\"image.default\">\n\t\t\t\t<div class=\"elementor-widget-container\">\n\t\t\t\t\t\t\t\t\t\t\t\t\t\t\t<img fetchpriority=\"high\" decoding=\"async\" width=\"800\" height=\"800\" src=\"https:\/\/spee-advocaten.nl\/wp-content\/uploads\/2023\/06\/Spee-Advocaten-Monique_7598.jpeg\" class=\"attachment-full size-full wp-image-3223\" alt=\"SPEE advocaten &amp; mediation Maastricht\" srcset=\"https:\/\/spee-advocaten.nl\/wp-content\/uploads\/2023\/06\/Spee-Advocaten-Monique_7598.jpeg 800w, https:\/\/spee-advocaten.nl\/wp-content\/uploads\/2023\/06\/Spee-Advocaten-Monique_7598-300x300.jpeg 300w, https:\/\/spee-advocaten.nl\/wp-content\/uploads\/2023\/06\/Spee-Advocaten-Monique_7598-150x150.jpeg 150w, https:\/\/spee-advocaten.nl\/wp-content\/uploads\/2023\/06\/Spee-Advocaten-Monique_7598-768x768.jpeg 768w, https:\/\/spee-advocaten.nl\/wp-content\/uploads\/2023\/06\/Spee-Advocaten-Monique_7598-12x12.jpeg 12w, https:\/\/spee-advocaten.nl\/wp-content\/uploads\/2023\/06\/Spee-Advocaten-Monique_7598-570x570.jpeg 570w, https:\/\/spee-advocaten.nl\/wp-content\/uploads\/2023\/06\/Spee-Advocaten-Monique_7598-500x500.jpeg 500w, https:\/\/spee-advocaten.nl\/wp-content\/uploads\/2023\/06\/Spee-Advocaten-Monique_7598-700x700.jpeg 700w\" sizes=\"(max-width: 800px) 100vw, 800px\" \/>\t\t\t\t\t\t\t\t\t\t\t\t\t\t\t<\/div>\n\t\t\t\t<\/div>\n\t\t\t\t<div class=\"elementor-element elementor-element-f2ccef1 elementor-widget__width-initial elementor-hidden-mobile elementor-align-center elementor-widget elementor-widget-button\" data-id=\"f2ccef1\" data-element_type=\"widget\" data-e-type=\"widget\" data-widget_type=\"button.default\">\n\t\t\t\t<div class=\"elementor-widget-container\">\n\t\t\t\t\t\t\t\t\t<div class=\"elementor-button-wrapper\">\n\t\t\t\t\t<a class=\"elementor-button elementor-button-link elementor-size-sm\" href=\"https:\/\/spee-advocaten.nl\/de\/testimonials\/monique-mediation\/\">\n\t\t\t\t\t\t<span class=\"elementor-button-content-wrapper\">\n\t\t\t\t\t\t\t\t\t<span class=\"elementor-button-text\">Mediationsteilnehmer \u00fcber mich<\/span>\n\t\t\t\t\t<\/span>\n\t\t\t\t\t<\/a>\n\t\t\t\t<\/div>\n\t\t\t\t\t\t\t\t<\/div>\n\t\t\t\t<\/div>\n\t\t\t\t<\/div>\n\t\t<div class=\"elementor-element elementor-element-f1eca26 e-con-full e-flex e-con e-child\" data-id=\"f1eca26\" data-element_type=\"container\" data-e-type=\"container\">\n\t\t\t\t<div class=\"elementor-element elementor-element-8cebb7c elementor-widget elementor-widget-heading\" data-id=\"8cebb7c\" data-element_type=\"widget\" data-e-type=\"widget\" data-widget_type=\"heading.default\">\n\t\t\t\t<div class=\"elementor-widget-container\">\n\t\t\t\t\t<h2 class=\"elementor-heading-title elementor-size-default\">Wirtschafsmediation\/Arbeitsrechtliche mediation<\/h2>\t\t\t\t<\/div>\n\t\t\t\t<\/div>\n\t\t\t\t<div class=\"elementor-element elementor-element-3cb9617 elementor-widget elementor-widget-image\" data-id=\"3cb9617\" data-element_type=\"widget\" data-e-type=\"widget\" data-widget_type=\"image.default\">\n\t\t\t\t<div class=\"elementor-widget-container\">\n\t\t\t\t\t\t\t\t\t\t\t\t\t\t\t<img decoding=\"async\" width=\"348\" height=\"41\" src=\"https:\/\/spee-advocaten.nl\/wp-content\/uploads\/2020\/10\/seperator-spee-e1607000977873.png\" class=\"attachment-full size-full wp-image-426\" alt=\"SPEE advocaten &amp; mediation Maastricht\" srcset=\"https:\/\/spee-advocaten.nl\/wp-content\/uploads\/2020\/10\/seperator-spee-e1607000977873.png 348w, https:\/\/spee-advocaten.nl\/wp-content\/uploads\/2020\/10\/seperator-spee-e1607000977873-300x35.png 300w, https:\/\/spee-advocaten.nl\/wp-content\/uploads\/2020\/10\/seperator-spee-e1607000977873-345x41.png 345w, https:\/\/spee-advocaten.nl\/wp-content\/uploads\/2020\/10\/seperator-spee-e1607000977873-16x2.png 16w\" sizes=\"(max-width: 348px) 100vw, 348px\" \/>\t\t\t\t\t\t\t\t\t\t\t\t\t\t\t<\/div>\n\t\t\t\t<\/div>\n\t\t\t\t<div class=\"elementor-element elementor-element-e3c1ab7 elementor-widget elementor-widget-text-editor\" data-id=\"e3c1ab7\" data-element_type=\"widget\" data-e-type=\"widget\" data-widget_type=\"text-editor.default\">\n\t\t\t\t<div class=\"elementor-widget-container\">\n\t\t\t\t\t\t\t\t\t<p style=\"text-align: left;\"><strong>Monique Spee<\/strong><\/p><p style=\"text-align: left;\">Seit 2012 bin ich, Monique Spee, mit gro\u00dfer Leidenschaft und aus \u00dcberzeugung neben Rechtsanw\u00e4ltin auch Mediatorin. Als solche bin ich im niederl\u00e4ndischen Mediatorenverzeichnis (\u201eMfN\u201c) eingetragen (zertifiziert) und Mitglied des niederl\u00e4ndischen Mediatorenbunds (\u201eMediatorsfederatie Nederland\u201c). Meine Erfahrung hat mich gelehrt, dass Menschen und Unternehmen oft ein gutes Gespr\u00e4ch und Konfliktl\u00f6sung oder die Vorbeugung von Konflikten mehr helfen als ein Gerichtsverfahren. In meiner Eigenschaft als Mediatorin bringe ich Parteien mit einem gesch\u00e4ftlichen oder pers\u00f6nlichen Konflikt wieder miteinander ins Gespr\u00e4ch und stelle Fragen, bis die zugrunde liegenden Motive an die Oberfl\u00e4che treten, wodurch Bewegung in die Sache kommt und (oft auch) Verst\u00e4ndnis entsteht, was oft zu einer L\u00f6sung f\u00fchrt. Wenn das Problem eine tiefere (systemische) Ursache zu haben scheint, lasse ich mich bei meiner Vermittlung zudem gerne von Pferden mit ihrer unverf\u00e4lschten, unendlichen Weisheit und ihrem angeborenen Gef\u00fchl f\u00fcr die zugrunde liegende Dynamik unterst\u00fctzen. Mein Stil als Mediatorin l\u00e4sst sich als direktiv, zielgerichtet und l\u00f6sungsorientiert beschreiben und ich schaffe f\u00fcr die Parteien zudem gerne eine Atmosph\u00e4re der Sicherheit und Gleichwertigkeit, wodurch stockende Kommunikation wieder in Gang gebracht wird und sich die Parteien mit meiner Begleitung in Richtung m\u00f6glicher L\u00f6sungen bewegen k\u00f6nnen.<\/p>\t\t\t\t\t\t\t\t<\/div>\n\t\t\t\t<\/div>\n\t\t\t\t<div class=\"elementor-element elementor-element-8349ad0 elementor-widget elementor-widget-text-editor\" data-id=\"8349ad0\" data-element_type=\"widget\" data-e-type=\"widget\" data-widget_type=\"text-editor.default\">\n\t\t\t\t<div class=\"elementor-widget-container\">\n\t\t\t\t\t\t\t\t\t<p style=\"text-align: left;\"><strong>Wann ist eine mediation bei wirtschaftlichen und\/oder arbeitsrechtlichen streitigkeiten sinnvoll?\u00a0<\/strong><\/p><p>Ich stehe Ihnen gerne zur Verf\u00fcgung, wenn ein (drohender) Arbeitskonflikt oder eine Rechtsstreitigkeit \u00fcber Arbeits(-un-)f\u00e4higkeit eines Arbeitnehmers vorliegt oder wenn der Betriebsarzt Mediation verordnet hat. Sie k\u00f6nnen sich aber auch an mich wenden, wenn Sie eine Rechtsstreitigkeit mit Ihrem\/Ihren Aktion\u00e4r(en), (Mit-)Gesch\u00e4ftsf\u00fchrer(n) oder Gesellschaftern haben, aber zum Beispiel auch, wenn eine Diskussion \u00fcber den Verkauf eines (Sport-)Pferdes entstanden ist. Das sind nur einige Beispiele f\u00fcr Mediationen, die ich anbiete. Nehmen Sie auch gerne Kontakt mit mir auf, wenn Ihr Problem hier nicht genannt wurde, vielleicht kann ich Ihnen trotzdem helfen.<\/p>\t\t\t\t\t\t\t\t<\/div>\n\t\t\t\t<\/div>\n\t\t\t\t<div class=\"elementor-element elementor-element-daf9968 elementor-widget elementor-widget-text-editor\" data-id=\"daf9968\" data-element_type=\"widget\" data-e-type=\"widget\" data-widget_type=\"text-editor.default\">\n\t\t\t\t<div class=\"elementor-widget-container\">\n\t\t\t\t\t\t\t\t\t<p style=\"text-align: left;\"><strong>National und international\/cross-border mediation<\/strong><\/p><p style=\"text-align: left;\">Dar\u00fcber hinaus verf\u00fcge ich \u00fcber viel Erfahrung mit Mediationen mit internationalen Aspekten wie bei Arbeitskonflikten in internationalen Konzernen oder niederl\u00e4ndischen Unternehmen mit Arbeitnehmern unterschiedlicher Nationalit\u00e4t. Die Mediationsgespr\u00e4che k\u00f6nnen auch auf Deutsch oder Englisch gef\u00fchrt werden.<\/p>\t\t\t\t\t\t\t\t<\/div>\n\t\t\t\t<\/div>\n\t\t\t\t<div class=\"elementor-element elementor-element-27e580f elementor-widget elementor-widget-text-editor\" data-id=\"27e580f\" data-element_type=\"widget\" data-e-type=\"widget\" data-widget_type=\"text-editor.default\">\n\t\t\t\t<div class=\"elementor-widget-container\">\n\t\t\t\t\t\t\t\t\t<p style=\"text-align: left;\"><strong>Wie funktioniert die wirtschafts- und\/oder arbeitsmediation?<br \/><\/strong><\/p><p style=\"text-align: left;\">Gibt es ein Problem mit einer Person oder einer Organisation, das die Parteien nicht gemeinsam l\u00f6sen k\u00f6nnen? Dann kann die Mediation gew\u00e4hlt werden. Dies ist oft weniger drastisch als der Gang vor Gericht. Dar\u00fcber hinaus kann Mediation Zeit und Geld sparen, weil eine Mediation viel schneller ist und \u2013 unter anderem dadurch \u2013 viel weniger kostenintensiv ist. Bei der Mediation arbeiten die Beteiligten n\u00e4mlich selbst ausgehend von den zugrunde liegenden gemeinsamen Interessen an einer L\u00f6sung. Der Mediator bietet fachkundige Unterst\u00fctzung. Mediation f\u00fchrt in vielen F\u00e4llen zu einer L\u00f6sung.<br \/><span style=\"color: #ffffff;\">.<\/span><br \/>Der Mediator ist ein Experte f\u00fcr die Begleitung von Verhandlungen, geht dabei aber nicht von Standpunkten aus, sondern von den Interessen. Der Mediator ist ausgebildet, um diese Interessen \u2013 mithilfe bestimmter Techniken \u2013 an die Oberfl\u00e4che zu bringen. Dasselbe gilt f\u00fcr eventuelle zugrunde liegende Hindernisse. Der Mediator urteilt nicht, sondern hilft, eine L\u00f6sung zu finden. Er ist unabh\u00e4ngig. Beide Parteien m\u00fcssen Vertrauen in den Mediator haben.<\/p>\t\t\t\t\t\t\t\t<\/div>\n\t\t\t\t<\/div>\n\t\t\t\t<div class=\"elementor-element elementor-element-e2a3e72 elementor-widget elementor-widget-text-editor\" data-id=\"e2a3e72\" data-element_type=\"widget\" data-e-type=\"widget\" data-widget_type=\"text-editor.default\">\n\t\t\t\t<div class=\"elementor-widget-container\">\n\t\t\t\t\t\t\t\t\t<p style=\"text-align: left;\"><strong>Freiwilligkeit und Geheimhaltung<br \/><\/strong><\/p><p style=\"text-align: left;\">Die Teilnahme an der Mediation ist freiwillig, aber nicht unverbindlich. Die Parteien m\u00fcssen bereit sein, gemeinsam eine L\u00f6sung zu erarbeiten. Alle Teilnehmer an der Mediation m\u00fcssen mit dem Inhalt der Mediation und eventueller Verhandlungen vertraulich umgehen. Dies sorgt f\u00fcr Sicherheit und Vertrauen, was n\u00f6tig ist, um festgefahrene Streitigkeiten oder Kommunikation wieder in Bewegung zu bekommen.<\/p>\t\t\t\t\t\t\t\t<\/div>\n\t\t\t\t<\/div>\n\t\t\t\t<div class=\"elementor-element elementor-element-ef1051a elementor-widget elementor-widget-text-editor\" data-id=\"ef1051a\" data-element_type=\"widget\" data-e-type=\"widget\" data-widget_type=\"text-editor.default\">\n\t\t\t\t<div class=\"elementor-widget-container\">\n\t\t\t\t\t\t\t\t\t<p><strong>Unsere Mediatoren sind angeschlossen bei MfN\/vFAS<\/strong><\/p><p>F\u00fcr weitere Informationen \u00fcber (Wirtschafts-)Mediation, Qualit\u00e4tssicherung und Vorschriften besuchen Sie bitte die Website der Mediatorsfederatie Nederland (MfN). Weitere Informationen finden Sie unter\u00a0<u><a href=\"https:\/\/mfnregister.nl\/\" target=\"_blank\" rel=\"noopener\">www.mfnregister.nl\/<\/a>.<\/u><\/p><p><span style=\"color: #ffffff;\">.<\/span><br \/>Jeder beim MfN registrierte Mediator, so auch Monique Spee, \u00fcbt seine T\u00e4tigkeit nach den Regeln des MfN aus.<br \/><span style=\"color: #ffffff;\">.<\/span><\/p><p><a href=\"https:\/\/spee-advocaten.nl\/de\/scheiding-en-erfrechtmediation\/\">Die Familien- und Erbrechtsmediatorin Angelique van den Eshoff<\/a> ist Mitglied im Fachverband der Familien- und Erbrechtsanw\u00e4lte und Mediatoren vFAS. \n\nWeitere Informationen: <a href=\"http:\/\/www.verder-online.nl\" target=\"_blank\" rel=\"noopener\">www.verder-online.nl<\/a>.<\/p>\t\t\t\t\t\t\t\t<\/div>\n\t\t\t\t<\/div>\n\t\t\t\t<div class=\"elementor-element elementor-element-2cc5b68 elementor-widget__width-initial elementor-hidden-widescreen elementor-hidden-desktop elementor-hidden-laptop elementor-hidden-tablet_extra elementor-hidden-tablet elementor-hidden-mobile_extra elementor-widget elementor-widget-button\" data-id=\"2cc5b68\" data-element_type=\"widget\" data-e-type=\"widget\" data-widget_type=\"button.default\">\n\t\t\t\t<div class=\"elementor-widget-container\">\n\t\t\t\t\t\t\t\t\t<div class=\"elementor-button-wrapper\">\n\t\t\t\t\t<a class=\"elementor-button elementor-button-link elementor-size-sm\" href=\"https:\/\/spee-advocaten.nl\/de\/testimonials\/monique-mediation\/\">\n\t\t\t\t\t\t<span class=\"elementor-button-content-wrapper\">\n\t\t\t\t\t\t\t\t\t<span class=\"elementor-button-text\">Mediationsteilnehmer \u00fcber mich<\/span>\n\t\t\t\t\t<\/span>\n\t\t\t\t\t<\/a>\n\t\t\t\t<\/div>\n\t\t\t\t\t\t\t\t<\/div>\n\t\t\t\t<\/div>\n\t\t\t\t<\/div>\n\t\t\t\t\t<\/div>\n\t\t\t\t<\/div>\n\t\t<div class=\"elementor-element elementor-element-2f6089b e-flex e-con-boxed e-con e-parent\" data-id=\"2f6089b\" data-element_type=\"container\" data-e-type=\"container\">\n\t\t\t\t\t<div class=\"e-con-inner\">\n\t\t\t\t\t<\/div>\n\t\t\t\t<\/div>\n\t\t\t\t<\/div>","protected":false},"excerpt":{"rendered":"<p>Wat zeggen mediationdeelnemers over mij? ZAKELIJKE MEDIATION \/ ARBEIDSMEDIATION Monique Spee Sinds 2012 ben ik, Monique Spee, met veel passie en overtuiging naast advocaat, MfN geregistreerd mediator (gecertificeerd) en lid van de Mediatorsfederatie Nederland. Mijn ervaring is namelijk, dat mensen \u00e9n ondernemingen, vaak meer belang hebben bij een goed gesprek en conflictoplossing of het voorkomen [&hellip;]<\/p>\n","protected":false},"author":1,"featured_media":3236,"parent":0,"menu_order":0,"comment_status":"closed","ping_status":"closed","template":"elementor_header_footer","meta":{"footnotes":""},"landingspagina":[],"class_list":["post-4369","page","type-page","status-publish","has-post-thumbnail","hentry"],"_links":{"self":[{"href":"https:\/\/spee-advocaten.nl\/de\/wp-json\/wp\/v2\/pages\/4369","targetHints":{"allow":["GET"]}}],"collection":[{"href":"https:\/\/spee-advocaten.nl\/de\/wp-json\/wp\/v2\/pages"}],"about":[{"href":"https:\/\/spee-advocaten.nl\/de\/wp-json\/wp\/v2\/types\/page"}],"author":[{"embeddable":true,"href":"https:\/\/spee-advocaten.nl\/de\/wp-json\/wp\/v2\/users\/1"}],"replies":[{"embeddable":true,"href":"https:\/\/spee-advocaten.nl\/de\/wp-json\/wp\/v2\/comments?post=4369"}],"version-history":[{"count":5,"href":"https:\/\/spee-advocaten.nl\/de\/wp-json\/wp\/v2\/pages\/4369\/revisions"}],"predecessor-version":[{"id":5203,"href":"https:\/\/spee-advocaten.nl\/de\/wp-json\/wp\/v2\/pages\/4369\/revisions\/5203"}],"wp:featuredmedia":[{"embeddable":true,"href":"https:\/\/spee-advocaten.nl\/de\/wp-json\/wp\/v2\/media\/3236"}],"wp:attachment":[{"href":"https:\/\/spee-advocaten.nl\/de\/wp-json\/wp\/v2\/media?parent=4369"}],"wp:term":[{"taxonomy":"landingspagina","embeddable":true,"href":"https:\/\/spee-advocaten.nl\/de\/wp-json\/wp\/v2\/landingspagina?post=4369"}],"curies":[{"name":"wp","href":"https:\/\/api.w.org\/{rel}","templated":true}]}}